{"id":210,"date":"2020-08-30T19:29:22","date_gmt":"2020-08-30T17:29:22","guid":{"rendered":"https:\/\/autor.se\/?page_id=210"},"modified":"2025-02-01T10:11:53","modified_gmt":"2025-02-01T09:11:53","slug":"mina-vanner-tyskarna-eva-mattsson","status":"publish","type":"page","link":"https:\/\/autor.se\/index.php\/mina-vanner-tyskarna-eva-mattsson\/","title":{"rendered":"Mina v\u00e4nner tyskarna | Eva Mattsson"},"content":{"rendered":"\t\t<div data-elementor-type=\"wp-post\" data-elementor-id=\"210\" class=\"elementor elementor-210\">\n\t\t\t\t\t\t<section class=\"elementor-section elementor-top-section elementor-element elementor-element-b95103f elementor-section-boxed elementor-section-height-default elementor-section-height-default\" data-id=\"b95103f\" data-element_type=\"section\" data-settings=\"{&quot;_ha_eqh_enable&quot;:false}\">\n\t\t\t\t\t\t<div class=\"elementor-container elementor-column-gap-default\">\n\t\t\t\t\t\t<\/div>\n\t\t<\/section>\n\t\t\t\t<section class=\"elementor-section elementor-top-section elementor-element elementor-element-e9c6791 elementor-section-boxed elementor-section-height-default elementor-section-height-default\" data-id=\"e9c6791\" data-element_type=\"section\" data-settings=\"{&quot;_ha_eqh_enable&quot;:false}\">\n\t\t\t\t\t\t<div class=\"elementor-container elementor-column-gap-default\">\n\t\t\t\t\t<div class=\"elementor-column elementor-col-50 elementor-top-column elementor-element elementor-element-488c0e5\" data-id=\"488c0e5\" data-element_type=\"column\">\n\t\t\t<div class=\"elementor-widget-wrap elementor-element-populated\">\n\t\t\t\t\t\t<div class=\"elementor-element elementor-element-762b9d3 elementor-widget elementor-widget-image\" data-id=\"762b9d3\" data-element_type=\"widget\" data-widget_type=\"image.default\">\n\t\t\t\t<div class=\"elementor-widget-container\">\n\t\t\t\t\t\t\t\t\t\t\t\t\t<img fetchpriority=\"high\" decoding=\"async\" width=\"1880\" height=\"1880\" src=\"https:\/\/autor.se\/wp-content\/uploads\/2024\/11\/mina_vanner_tyskarna-4.jpg\" class=\"attachment-full size-full wp-image-796\" alt=\"\" srcset=\"https:\/\/autor.se\/wp-content\/uploads\/2024\/11\/mina_vanner_tyskarna-4.jpg 1880w, https:\/\/autor.se\/wp-content\/uploads\/2024\/11\/mina_vanner_tyskarna-4-300x300.jpg 300w, https:\/\/autor.se\/wp-content\/uploads\/2024\/11\/mina_vanner_tyskarna-4-1024x1024.jpg 1024w, https:\/\/autor.se\/wp-content\/uploads\/2024\/11\/mina_vanner_tyskarna-4-150x150.jpg 150w, https:\/\/autor.se\/wp-content\/uploads\/2024\/11\/mina_vanner_tyskarna-4-768x768.jpg 768w, https:\/\/autor.se\/wp-content\/uploads\/2024\/11\/mina_vanner_tyskarna-4-1536x1536.jpg 1536w\" sizes=\"(max-width: 1880px) 100vw, 1880px\" \/>\t\t\t\t\t\t\t\t\t\t\t\t\t<\/div>\n\t\t\t\t<\/div>\n\t\t\t\t\t<\/div>\n\t\t<\/div>\n\t\t\t\t<div class=\"elementor-column elementor-col-50 elementor-top-column elementor-element elementor-element-7ed1c8c\" data-id=\"7ed1c8c\" data-element_type=\"column\">\n\t\t\t<div class=\"elementor-widget-wrap elementor-element-populated\">\n\t\t\t\t\t\t<div class=\"elementor-element elementor-element-3822e64 elementor-widget elementor-widget-heading\" data-id=\"3822e64\" data-element_type=\"widget\" data-widget_type=\"heading.default\">\n\t\t\t\t<div class=\"elementor-widget-container\">\n\t\t\t<h2 class=\"elementor-heading-title elementor-size-default\">Mina v\u00e4nner tyskarna | Eva Mattsson<\/h2>\t\t<\/div>\n\t\t\t\t<\/div>\n\t\t\t\t<div class=\"elementor-element elementor-element-308cc25 elementor-widget elementor-widget-text-editor\" data-id=\"308cc25\" data-element_type=\"widget\" data-widget_type=\"text-editor.default\">\n\t\t\t\t<div class=\"elementor-widget-container\">\n\t\t\t\t\t\t\t<p>\u201dAtt fastna i en totalit\u00e4r r\u00f6relse och f\u00f6rlora sitt f\u00f6rnuft och att g\u00e5 emot sina instinkter \u00e4r farligt. Men att st\u00e5 i mitten och aldrig riskera n\u00e5t f\u00f6r ocks\u00e5 med sig skador.\u201d<br \/><br \/>I\u00a0<i>Mina v\u00e4nner tyskarna<\/i>\u00a0s\u00f6ker sig Eva Mattsson tillbaka till ungdomstidens Tyskland f\u00f6r att ta reda p\u00e5 vad det blev av n\u00e5gra v\u00e4nner som d\u00e5 r\u00f6rde sig inom den yttersta v\u00e4nstern, 2-junir\u00f6relsen och RAF. S\u00e4rskilt Krissie som f\u00f6rsvann sp\u00e5rl\u00f6st i b\u00f6rjan av 1970-talet. Det \u00e4r inte de ikoniska ledargestalterna vi m\u00f6ter utan m\u00e4nniskor som befann sig i periferin.<br \/><br \/>Mattsson unders\u00f6ker en tid i f\u00f6r\u00e4ndring som b\u00f6rjar i efterdyningarna av andra v\u00e4rldskriget, str\u00e4cker sig genom den v\u00e4nsterv\u00e5g som f\u00f6ljde och sl\u00e5r in i v\u00e5r egen tid n\u00e4r h\u00f6gerextrema r\u00f6relser \u00e5terigen flyttat fram positionerna. Det \u00e4r 50 \u00e5r sedan, flera har sonat sina brott men \u00e4nd\u00e5 ligger s\u00e5ret \u00f6ppet och m\u00e5nga fr\u00e5gor f\u00f6rblir obesvarade. Var befinner de tidigare radikalerna sig? B\u00e4r de fortfarande skuld och ansvar? Och vilka s\u00e5r orkar ett samh\u00e4lle b\u00e4ra?<br \/><br \/>Vid Eva Mattssons d\u00f6d 2012 var manuset till\u00a0<i>Mina v\u00e4nner tyskarna<\/i>\u00a0inte avslutat. Boken \u00e4r redigerad av f\u00f6rst Hans Isaksson och Bj\u00f6rn H\u00e5kanson, d\u00e4refter en redaktion fr\u00e5n Autor. Med ett nyskrivet efterord av Naima Chahboun.<\/p>\t\t\t\t\t\t<\/div>\n\t\t\t\t<\/div>\n\t\t\t\t<div class=\"elementor-element elementor-element-22948dc elementor-align-left elementor-widget__width-auto elementor-widget elementor-widget-button\" data-id=\"22948dc\" data-element_type=\"widget\" data-widget_type=\"button.default\">\n\t\t\t\t<div class=\"elementor-widget-container\">\n\t\t\t\t\t<div class=\"elementor-button-wrapper\">\n\t\t\t<a class=\"elementor-button elementor-button-link elementor-size-xs\" href=\"https:\/\/www.bokus.com\/bok\/9789198403756\/mina-vanner-tyskarna-en-undersokning\/\">\n\t\t\t\t\t\t<span class=\"elementor-button-content-wrapper\">\n\t\t\t\t\t\t\t\t\t<span class=\"elementor-button-text\">K\u00f6p hos Bokus<\/span>\n\t\t\t\t\t<\/span>\n\t\t\t\t\t<\/a>\n\t\t<\/div>\n\t\t\t\t<\/div>\n\t\t\t\t<\/div>\n\t\t\t\t<div class=\"elementor-element elementor-element-54ba5d9 elementor-widget__width-auto elementor-widget elementor-widget-button\" data-id=\"54ba5d9\" data-element_type=\"widget\" data-widget_type=\"button.default\">\n\t\t\t\t<div class=\"elementor-widget-container\">\n\t\t\t\t\t<div class=\"elementor-button-wrapper\">\n\t\t\t<a class=\"elementor-button elementor-button-link elementor-size-xs\" href=\"https:\/\/www.adlibris.com\/se\/bok\/mina-vanner-tyskarna-en-undersokning-9789198403756\">\n\t\t\t\t\t\t<span class=\"elementor-button-content-wrapper\">\n\t\t\t\t\t\t\t\t\t<span class=\"elementor-button-text\">K\u00f6p hos Adlibris<\/span>\n\t\t\t\t\t<\/span>\n\t\t\t\t\t<\/a>\n\t\t<\/div>\n\t\t\t\t<\/div>\n\t\t\t\t<\/div>\n\t\t\t\t\t<\/div>\n\t\t<\/div>\n\t\t\t\t\t<\/div>\n\t\t<\/section>\n\t\t\t\t<\/div>\n\t\t","protected":false},"excerpt":{"rendered":"<p>Mina v\u00e4nner tyskarna | Eva Mattsson \u201dAtt fastna i en totalit\u00e4r r\u00f6relse och f\u00f6rlora sitt f\u00f6rnuft och att g\u00e5 emot sina instinkter \u00e4r farligt. Men att st\u00e5 i mitten och aldrig riskera n\u00e5t f\u00f6r ocks\u00e5 med sig skador.\u201d I\u00a0Mina v\u00e4nner tyskarna\u00a0s\u00f6ker sig Eva Mattsson tillbaka till ungdomstidens Tyskland f\u00f6r att ta reda p\u00e5 vad det [&hellip;]<\/p>\n","protected":false},"author":1,"featured_media":0,"parent":0,"menu_order":0,"comment_status":"closed","ping_status":"closed","template":"elementor_header_footer","meta":{"site-sidebar-layout":"no-sidebar","site-content-layout":"page-builder","ast-site-content-layout":"","site-content-style":"default","site-sidebar-style":"default","ast-global-header-display":"","ast-banner-title-visibility":"","ast-main-header-display":"","ast-hfb-above-header-display":"","ast-hfb-below-header-display":"","ast-hfb-mobile-header-display":"","site-post-title":"disabled","ast-breadcrumbs-content":"","ast-featured-img":"disabled","footer-sml-layout":"","theme-transparent-header-meta":"disabled","adv-header-id-meta":"","stick-header-meta":"","header-above-stick-meta":"","header-main-stick-meta":"","header-below-stick-meta":"","astra-migrate-meta-layouts":"default","ast-page-background-enabled":"default","ast-page-background-meta":{"desktop":{"background-color":"var(--ast-global-color-4)","background-image":"","background-repeat":"repeat","background-position":"center center","background-size":"auto","background-attachment":"scroll","background-type":"","background-media":"","overlay-type":"","overlay-color":"","overlay-opacity":"","overlay-gradient":""},"tablet":{"background-color":"","background-image":"","background-repeat":"repeat","background-position":"center center","background-size":"auto","background-attachment":"scroll","background-type":"","background-media":"","overlay-type":"","overlay-color":"","overlay-opacity":"","overlay-gradient":""},"mobile":{"background-color":"","background-image":"","background-repeat":"repeat","background-position":"center center","background-size":"auto","background-attachment":"scroll","background-type":"","background-media":"","overlay-type":"","overlay-color":"","overlay-opacity":"","overlay-gradient":""}},"ast-content-background-meta":{"desktop":{"background-color":"var(--ast-global-color-5)","background-image":"","background-repeat":"repeat","background-position":"center center","background-size":"auto","background-attachment":"scroll","background-type":"","background-media":"","overlay-type":"","overlay-color":"","overlay-opacity":"","overlay-gradient":""},"tablet":{"background-color":"var(--ast-global-color-5)","background-image":"","background-repeat":"repeat","background-position":"center center","background-size":"auto","background-attachment":"scroll","background-type":"","background-media":"","overlay-type":"","overlay-color":"","overlay-opacity":"","overlay-gradient":""},"mobile":{"background-color":"var(--ast-global-color-5)","background-image":"","background-repeat":"repeat","background-position":"center center","background-size":"auto","background-attachment":"scroll","background-type":"","background-media":"","overlay-type":"","overlay-color":"","overlay-opacity":"","overlay-gradient":""}},"footnotes":""},"class_list":["post-210","page","type-page","status-publish","hentry"],"yoast_head":"<!-- This site is optimized with the Yoast SEO plugin v23.4 - https:\/\/yoast.com\/wordpress\/plugins\/seo\/ -->\n<title>Mina v\u00e4nner tyskarna | Eva Mattsson -<\/title>\n<meta name=\"robots\" content=\"index, follow, max-snippet:-1, max-image-preview:large, max-video-preview:-1\" \/>\n<link rel=\"canonical\" href=\"https:\/\/autor.se\/index.php\/mina-vanner-tyskarna-eva-mattsson\/\" \/>\n<meta property=\"og:locale\" content=\"sv_SE\" \/>\n<meta property=\"og:type\" content=\"article\" \/>\n<meta property=\"og:title\" content=\"Mina v\u00e4nner tyskarna | Eva Mattsson -\" \/>\n<meta property=\"og:description\" content=\"Mina v\u00e4nner tyskarna | Eva Mattsson \u201dAtt fastna i en totalit\u00e4r r\u00f6relse och f\u00f6rlora sitt f\u00f6rnuft och att g\u00e5 emot sina instinkter \u00e4r farligt. Men att st\u00e5 i mitten och aldrig riskera n\u00e5t f\u00f6r ocks\u00e5 med sig skador.\u201d I\u00a0Mina v\u00e4nner tyskarna\u00a0s\u00f6ker sig Eva Mattsson tillbaka till ungdomstidens Tyskland f\u00f6r att ta reda p\u00e5 vad det [&hellip;]\" \/>\n<meta property=\"og:url\" content=\"https:\/\/autor.se\/index.php\/mina-vanner-tyskarna-eva-mattsson\/\" \/>\n<meta property=\"article:modified_time\" content=\"2025-02-01T09:11:53+00:00\" \/>\n<meta property=\"og:image\" content=\"https:\/\/autor.se\/wp-content\/uploads\/2024\/11\/mina_vanner_tyskarna-4.jpg\" \/>\n<meta name=\"twitter:card\" content=\"summary_large_image\" \/>\n<meta name=\"twitter:label1\" content=\"Ber\u00e4knad l\u00e4stid\" \/>\n\t<meta name=\"twitter:data1\" content=\"2 minuter\" \/>\n<script type=\"application\/ld+json\" class=\"yoast-schema-graph\">{\"@context\":\"https:\/\/schema.org\",\"@graph\":[{\"@type\":\"WebPage\",\"@id\":\"https:\/\/autor.se\/index.php\/mina-vanner-tyskarna-eva-mattsson\/\",\"url\":\"https:\/\/autor.se\/index.php\/mina-vanner-tyskarna-eva-mattsson\/\",\"name\":\"Mina v\u00e4nner tyskarna | Eva Mattsson -\",\"isPartOf\":{\"@id\":\"https:\/\/autor.se\/#website\"},\"primaryImageOfPage\":{\"@id\":\"https:\/\/autor.se\/index.php\/mina-vanner-tyskarna-eva-mattsson\/#primaryimage\"},\"image\":{\"@id\":\"https:\/\/autor.se\/index.php\/mina-vanner-tyskarna-eva-mattsson\/#primaryimage\"},\"thumbnailUrl\":\"https:\/\/autor.se\/wp-content\/uploads\/2024\/11\/mina_vanner_tyskarna-4.jpg\",\"datePublished\":\"2020-08-30T17:29:22+00:00\",\"dateModified\":\"2025-02-01T09:11:53+00:00\",\"breadcrumb\":{\"@id\":\"https:\/\/autor.se\/index.php\/mina-vanner-tyskarna-eva-mattsson\/#breadcrumb\"},\"inLanguage\":\"sv-SE\",\"potentialAction\":[{\"@type\":\"ReadAction\",\"target\":[\"https:\/\/autor.se\/index.php\/mina-vanner-tyskarna-eva-mattsson\/\"]}]},{\"@type\":\"ImageObject\",\"inLanguage\":\"sv-SE\",\"@id\":\"https:\/\/autor.se\/index.php\/mina-vanner-tyskarna-eva-mattsson\/#primaryimage\",\"url\":\"https:\/\/autor.se\/wp-content\/uploads\/2024\/11\/mina_vanner_tyskarna-4.jpg\",\"contentUrl\":\"https:\/\/autor.se\/wp-content\/uploads\/2024\/11\/mina_vanner_tyskarna-4.jpg\",\"width\":1880,\"height\":1880},{\"@type\":\"BreadcrumbList\",\"@id\":\"https:\/\/autor.se\/index.php\/mina-vanner-tyskarna-eva-mattsson\/#breadcrumb\",\"itemListElement\":[{\"@type\":\"ListItem\",\"position\":1,\"name\":\"Hem\",\"item\":\"https:\/\/autor.se\/\"},{\"@type\":\"ListItem\",\"position\":2,\"name\":\"Mina v\u00e4nner tyskarna | Eva Mattsson\"}]},{\"@type\":\"WebSite\",\"@id\":\"https:\/\/autor.se\/#website\",\"url\":\"https:\/\/autor.se\/\",\"name\":\"\",\"description\":\"\",\"publisher\":{\"@id\":\"https:\/\/autor.se\/#organization\"},\"potentialAction\":[{\"@type\":\"SearchAction\",\"target\":{\"@type\":\"EntryPoint\",\"urlTemplate\":\"https:\/\/autor.se\/?s={search_term_string}\"},\"query-input\":{\"@type\":\"PropertyValueSpecification\",\"valueRequired\":true,\"valueName\":\"search_term_string\"}}],\"inLanguage\":\"sv-SE\"},{\"@type\":\"Organization\",\"@id\":\"https:\/\/autor.se\/#organization\",\"name\":\"Autor F\u00f6rlag\",\"url\":\"https:\/\/autor.se\/\",\"logo\":{\"@type\":\"ImageObject\",\"inLanguage\":\"sv-SE\",\"@id\":\"https:\/\/autor.se\/#\/schema\/logo\/image\/\",\"url\":\"https:\/\/autor.se\/wp-content\/uploads\/2020\/08\/autorstor.jpg\",\"contentUrl\":\"https:\/\/autor.se\/wp-content\/uploads\/2020\/08\/autorstor.jpg\",\"width\":314,\"height\":292,\"caption\":\"Autor F\u00f6rlag\"},\"image\":{\"@id\":\"https:\/\/autor.se\/#\/schema\/logo\/image\/\"},\"sameAs\":[\"https:\/\/www.instagram.com\/autoribilder\"]}]}<\/script>\n<!-- \/ Yoast SEO plugin. -->","yoast_head_json":{"title":"Mina v\u00e4nner tyskarna | Eva Mattsson -","robots":{"index":"index","follow":"follow","max-snippet":"max-snippet:-1","max-image-preview":"max-image-preview:large","max-video-preview":"max-video-preview:-1"},"canonical":"https:\/\/autor.se\/index.php\/mina-vanner-tyskarna-eva-mattsson\/","og_locale":"sv_SE","og_type":"article","og_title":"Mina v\u00e4nner tyskarna | Eva Mattsson -","og_description":"Mina v\u00e4nner tyskarna | Eva Mattsson \u201dAtt fastna i en totalit\u00e4r r\u00f6relse och f\u00f6rlora sitt f\u00f6rnuft och att g\u00e5 emot sina instinkter \u00e4r farligt. Men att st\u00e5 i mitten och aldrig riskera n\u00e5t f\u00f6r ocks\u00e5 med sig skador.\u201d I\u00a0Mina v\u00e4nner tyskarna\u00a0s\u00f6ker sig Eva Mattsson tillbaka till ungdomstidens Tyskland f\u00f6r att ta reda p\u00e5 vad det [&hellip;]","og_url":"https:\/\/autor.se\/index.php\/mina-vanner-tyskarna-eva-mattsson\/","article_modified_time":"2025-02-01T09:11:53+00:00","og_image":[{"url":"https:\/\/autor.se\/wp-content\/uploads\/2024\/11\/mina_vanner_tyskarna-4.jpg"}],"twitter_card":"summary_large_image","twitter_misc":{"Ber\u00e4knad l\u00e4stid":"2 minuter"},"schema":{"@context":"https:\/\/schema.org","@graph":[{"@type":"WebPage","@id":"https:\/\/autor.se\/index.php\/mina-vanner-tyskarna-eva-mattsson\/","url":"https:\/\/autor.se\/index.php\/mina-vanner-tyskarna-eva-mattsson\/","name":"Mina v\u00e4nner tyskarna | Eva Mattsson -","isPartOf":{"@id":"https:\/\/autor.se\/#website"},"primaryImageOfPage":{"@id":"https:\/\/autor.se\/index.php\/mina-vanner-tyskarna-eva-mattsson\/#primaryimage"},"image":{"@id":"https:\/\/autor.se\/index.php\/mina-vanner-tyskarna-eva-mattsson\/#primaryimage"},"thumbnailUrl":"https:\/\/autor.se\/wp-content\/uploads\/2024\/11\/mina_vanner_tyskarna-4.jpg","datePublished":"2020-08-30T17:29:22+00:00","dateModified":"2025-02-01T09:11:53+00:00","breadcrumb":{"@id":"https:\/\/autor.se\/index.php\/mina-vanner-tyskarna-eva-mattsson\/#breadcrumb"},"inLanguage":"sv-SE","potentialAction":[{"@type":"ReadAction","target":["https:\/\/autor.se\/index.php\/mina-vanner-tyskarna-eva-mattsson\/"]}]},{"@type":"ImageObject","inLanguage":"sv-SE","@id":"https:\/\/autor.se\/index.php\/mina-vanner-tyskarna-eva-mattsson\/#primaryimage","url":"https:\/\/autor.se\/wp-content\/uploads\/2024\/11\/mina_vanner_tyskarna-4.jpg","contentUrl":"https:\/\/autor.se\/wp-content\/uploads\/2024\/11\/mina_vanner_tyskarna-4.jpg","width":1880,"height":1880},{"@type":"BreadcrumbList","@id":"https:\/\/autor.se\/index.php\/mina-vanner-tyskarna-eva-mattsson\/#breadcrumb","itemListElement":[{"@type":"ListItem","position":1,"name":"Hem","item":"https:\/\/autor.se\/"},{"@type":"ListItem","position":2,"name":"Mina v\u00e4nner tyskarna | Eva Mattsson"}]},{"@type":"WebSite","@id":"https:\/\/autor.se\/#website","url":"https:\/\/autor.se\/","name":"","description":"","publisher":{"@id":"https:\/\/autor.se\/#organization"},"potentialAction":[{"@type":"SearchAction","target":{"@type":"EntryPoint","urlTemplate":"https:\/\/autor.se\/?s={search_term_string}"},"query-input":{"@type":"PropertyValueSpecification","valueRequired":true,"valueName":"search_term_string"}}],"inLanguage":"sv-SE"},{"@type":"Organization","@id":"https:\/\/autor.se\/#organization","name":"Autor F\u00f6rlag","url":"https:\/\/autor.se\/","logo":{"@type":"ImageObject","inLanguage":"sv-SE","@id":"https:\/\/autor.se\/#\/schema\/logo\/image\/","url":"https:\/\/autor.se\/wp-content\/uploads\/2020\/08\/autorstor.jpg","contentUrl":"https:\/\/autor.se\/wp-content\/uploads\/2020\/08\/autorstor.jpg","width":314,"height":292,"caption":"Autor F\u00f6rlag"},"image":{"@id":"https:\/\/autor.se\/#\/schema\/logo\/image\/"},"sameAs":["https:\/\/www.instagram.com\/autoribilder"]}]}},"_links":{"self":[{"href":"https:\/\/autor.se\/index.php\/wp-json\/wp\/v2\/pages\/210"}],"collection":[{"href":"https:\/\/autor.se\/index.php\/wp-json\/wp\/v2\/pages"}],"about":[{"href":"https:\/\/autor.se\/index.php\/wp-json\/wp\/v2\/types\/page"}],"author":[{"embeddable":true,"href":"https:\/\/autor.se\/index.php\/wp-json\/wp\/v2\/users\/1"}],"replies":[{"embeddable":true,"href":"https:\/\/autor.se\/index.php\/wp-json\/wp\/v2\/comments?post=210"}],"version-history":[{"count":44,"href":"https:\/\/autor.se\/index.php\/wp-json\/wp\/v2\/pages\/210\/revisions"}],"predecessor-version":[{"id":1135,"href":"https:\/\/autor.se\/index.php\/wp-json\/wp\/v2\/pages\/210\/revisions\/1135"}],"wp:attachment":[{"href":"https:\/\/autor.se\/index.php\/wp-json\/wp\/v2\/media?parent=210"}],"curies":[{"name":"wp","href":"https:\/\/api.w.org\/{rel}","templated":true}]}}