{"id":313,"date":"2020-08-30T20:07:32","date_gmt":"2020-08-30T18:07:32","guid":{"rendered":"https:\/\/autor.se\/?page_id=313"},"modified":"2025-02-01T10:33:14","modified_gmt":"2025-02-01T09:33:14","slug":"jag-vill-vara-allt-vitt-staffan-soderblom","status":"publish","type":"page","link":"https:\/\/autor.se\/index.php\/jag-vill-vara-allt-vitt-staffan-soderblom\/","title":{"rendered":"Jag vill vara allt vitt | Staffan S\u00f6derblom"},"content":{"rendered":"\t\t<div data-elementor-type=\"wp-post\" data-elementor-id=\"313\" class=\"elementor elementor-313\">\n\t\t\t\t\t\t<section class=\"elementor-section elementor-top-section elementor-element elementor-element-b95103f elementor-section-boxed elementor-section-height-default elementor-section-height-default\" data-id=\"b95103f\" data-element_type=\"section\" data-settings=\"{&quot;_ha_eqh_enable&quot;:false}\">\n\t\t\t\t\t\t<div class=\"elementor-container elementor-column-gap-default\">\n\t\t\t\t\t\t<\/div>\n\t\t<\/section>\n\t\t\t\t<section class=\"elementor-section elementor-top-section elementor-element elementor-element-e9c6791 elementor-section-boxed elementor-section-height-default elementor-section-height-default\" data-id=\"e9c6791\" data-element_type=\"section\" data-settings=\"{&quot;_ha_eqh_enable&quot;:false}\">\n\t\t\t\t\t\t<div class=\"elementor-container elementor-column-gap-default\">\n\t\t\t\t\t<div class=\"elementor-column elementor-col-50 elementor-top-column elementor-element elementor-element-488c0e5\" data-id=\"488c0e5\" data-element_type=\"column\">\n\t\t\t<div class=\"elementor-widget-wrap elementor-element-populated\">\n\t\t\t\t\t\t<div class=\"elementor-element elementor-element-762b9d3 elementor-widget elementor-widget-image\" data-id=\"762b9d3\" data-element_type=\"widget\" data-widget_type=\"image.default\">\n\t\t\t\t<div class=\"elementor-widget-container\">\n\t\t\t\t\t\t\t\t\t\t\t\t\t<img fetchpriority=\"high\" decoding=\"async\" width=\"1880\" height=\"1880\" src=\"https:\/\/autor.se\/wp-content\/uploads\/2024\/11\/jagvillvara_allt_vitt.jpg\" class=\"attachment-full size-full wp-image-808\" alt=\"\" srcset=\"https:\/\/autor.se\/wp-content\/uploads\/2024\/11\/jagvillvara_allt_vitt.jpg 1880w, https:\/\/autor.se\/wp-content\/uploads\/2024\/11\/jagvillvara_allt_vitt-300x300.jpg 300w, https:\/\/autor.se\/wp-content\/uploads\/2024\/11\/jagvillvara_allt_vitt-1024x1024.jpg 1024w, https:\/\/autor.se\/wp-content\/uploads\/2024\/11\/jagvillvara_allt_vitt-150x150.jpg 150w, https:\/\/autor.se\/wp-content\/uploads\/2024\/11\/jagvillvara_allt_vitt-768x768.jpg 768w, https:\/\/autor.se\/wp-content\/uploads\/2024\/11\/jagvillvara_allt_vitt-1536x1536.jpg 1536w\" sizes=\"(max-width: 1880px) 100vw, 1880px\" \/>\t\t\t\t\t\t\t\t\t\t\t\t\t<\/div>\n\t\t\t\t<\/div>\n\t\t\t\t\t<\/div>\n\t\t<\/div>\n\t\t\t\t<div class=\"elementor-column elementor-col-50 elementor-top-column elementor-element elementor-element-7ed1c8c\" data-id=\"7ed1c8c\" data-element_type=\"column\">\n\t\t\t<div class=\"elementor-widget-wrap elementor-element-populated\">\n\t\t\t\t\t\t<div class=\"elementor-element elementor-element-3822e64 elementor-widget elementor-widget-heading\" data-id=\"3822e64\" data-element_type=\"widget\" data-widget_type=\"heading.default\">\n\t\t\t\t<div class=\"elementor-widget-container\">\n\t\t\t<h2 class=\"elementor-heading-title elementor-size-default\">Jag vill vara allt vitt | Staffan S\u00f6derblom<\/h2>\t\t<\/div>\n\t\t\t\t<\/div>\n\t\t\t\t<div class=\"elementor-element elementor-element-308cc25 elementor-widget elementor-widget-text-editor\" data-id=\"308cc25\" data-element_type=\"widget\" data-widget_type=\"text-editor.default\">\n\t\t\t\t<div class=\"elementor-widget-container\">\n\t\t\t\t\t\t\t<p><em>Jag vill vara allt vitt<\/em> \u00e4r en ess\u00e4 om linjer och st\u00e4mningsl\u00e4gen i Bengt Bergs lyriska f\u00f6rfattarskap \u2013 ironi, leda, humor och en djup reservation mot sj\u00e4lva dikten.<\/p><p>Volymen \u00e4r den f\u00f6rsta av tre \u201dl\u00e4sningar av det ambivalenta\u201d som Staffan S\u00f6derblom syssels\u00e4tter sig med.<\/p>\t\t\t\t\t\t<\/div>\n\t\t\t\t<\/div>\n\t\t\t\t\t<\/div>\n\t\t<\/div>\n\t\t\t\t\t<\/div>\n\t\t<\/section>\n\t\t\t\t<\/div>\n\t\t","protected":false},"excerpt":{"rendered":"<p>Jag vill vara allt vitt | Staffan S\u00f6derblom Jag vill vara allt vitt \u00e4r en ess\u00e4 om linjer och st\u00e4mningsl\u00e4gen i Bengt Bergs lyriska f\u00f6rfattarskap \u2013 ironi, leda, humor och en djup reservation mot sj\u00e4lva dikten. Volymen \u00e4r den f\u00f6rsta av tre \u201dl\u00e4sningar av det ambivalenta\u201d som Staffan S\u00f6derblom syssels\u00e4tter sig med.<\/p>\n","protected":false},"author":1,"featured_media":0,"parent":0,"menu_order":0,"comment_status":"closed","ping_status":"closed","template":"elementor_header_footer","meta":{"site-sidebar-layout":"no-sidebar","site-content-layout":"page-builder","ast-site-content-layout":"","site-content-style":"default","site-sidebar-style":"default","ast-global-header-display":"","ast-banner-title-visibility":"","ast-main-header-display":"","ast-hfb-above-header-display":"","ast-hfb-below-header-display":"","ast-hfb-mobile-header-display":"","site-post-title":"disabled","ast-breadcrumbs-content":"","ast-featured-img":"disabled","footer-sml-layout":"","theme-transparent-header-meta":"disabled","adv-header-id-meta":"","stick-header-meta":"","header-above-stick-meta":"","header-main-stick-meta":"","header-below-stick-meta":"","astra-migrate-meta-layouts":"default","ast-page-background-enabled":"default","ast-page-background-meta":{"desktop":{"background-color":"var(--ast-global-color-4)","background-image":"","background-repeat":"repeat","background-position":"center center","background-size":"auto","background-attachment":"scroll","background-type":"","background-media":"","overlay-type":"","overlay-color":"","overlay-opacity":"","overlay-gradient":""},"tablet":{"background-color":"","background-image":"","background-repeat":"repeat","background-position":"center center","background-size":"auto","background-attachment":"scroll","background-type":"","background-media":"","overlay-type":"","overlay-color":"","overlay-opacity":"","overlay-gradient":""},"mobile":{"background-color":"","background-image":"","background-repeat":"repeat","background-position":"center center","background-size":"auto","background-attachment":"scroll","background-type":"","background-media":"","overlay-type":"","overlay-color":"","overlay-opacity":"","overlay-gradient":""}},"ast-content-background-meta":{"desktop":{"background-color":"var(--ast-global-color-5)","background-image":"","background-repeat":"repeat","background-position":"center center","background-size":"auto","background-attachment":"scroll","background-type":"","background-media":"","overlay-type":"","overlay-color":"","overlay-opacity":"","overlay-gradient":""},"tablet":{"background-color":"var(--ast-global-color-5)","background-image":"","background-repeat":"repeat","background-position":"center center","background-size":"auto","background-attachment":"scroll","background-type":"","background-media":"","overlay-type":"","overlay-color":"","overlay-opacity":"","overlay-gradient":""},"mobile":{"background-color":"var(--ast-global-color-5)","background-image":"","background-repeat":"repeat","background-position":"center center","background-size":"auto","background-attachment":"scroll","background-type":"","background-media":"","overlay-type":"","overlay-color":"","overlay-opacity":"","overlay-gradient":""}},"footnotes":""},"class_list":["post-313","page","type-page","status-publish","hentry"],"yoast_head":"<!-- This site is optimized with the Yoast SEO plugin v23.4 - https:\/\/yoast.com\/wordpress\/plugins\/seo\/ -->\n<title>Jag vill vara allt vitt | Staffan S\u00f6derblom -<\/title>\n<meta name=\"robots\" content=\"index, follow, max-snippet:-1, max-image-preview:large, max-video-preview:-1\" \/>\n<link rel=\"canonical\" href=\"https:\/\/autor.se\/index.php\/jag-vill-vara-allt-vitt-staffan-soderblom\/\" \/>\n<meta property=\"og:locale\" content=\"sv_SE\" \/>\n<meta property=\"og:type\" content=\"article\" \/>\n<meta property=\"og:title\" content=\"Jag vill vara allt vitt | Staffan S\u00f6derblom -\" \/>\n<meta property=\"og:description\" content=\"Jag vill vara allt vitt | Staffan S\u00f6derblom Jag vill vara allt vitt \u00e4r en ess\u00e4 om linjer och st\u00e4mningsl\u00e4gen i Bengt Bergs lyriska f\u00f6rfattarskap \u2013 ironi, leda, humor och en djup reservation mot sj\u00e4lva dikten. Volymen \u00e4r den f\u00f6rsta av tre \u201dl\u00e4sningar av det ambivalenta\u201d som Staffan S\u00f6derblom syssels\u00e4tter sig med.\" \/>\n<meta property=\"og:url\" content=\"https:\/\/autor.se\/index.php\/jag-vill-vara-allt-vitt-staffan-soderblom\/\" \/>\n<meta property=\"article:modified_time\" content=\"2025-02-01T09:33:14+00:00\" \/>\n<meta property=\"og:image\" content=\"https:\/\/autor.se\/wp-content\/uploads\/2024\/11\/jagvillvara_allt_vitt.jpg\" \/>\n<meta name=\"twitter:card\" content=\"summary_large_image\" \/>\n<meta name=\"twitter:label1\" content=\"Ber\u00e4knad l\u00e4stid\" \/>\n\t<meta name=\"twitter:data1\" content=\"1 minut\" \/>\n<script type=\"application\/ld+json\" class=\"yoast-schema-graph\">{\"@context\":\"https:\/\/schema.org\",\"@graph\":[{\"@type\":\"WebPage\",\"@id\":\"https:\/\/autor.se\/index.php\/jag-vill-vara-allt-vitt-staffan-soderblom\/\",\"url\":\"https:\/\/autor.se\/index.php\/jag-vill-vara-allt-vitt-staffan-soderblom\/\",\"name\":\"Jag vill vara allt vitt | Staffan S\u00f6derblom -\",\"isPartOf\":{\"@id\":\"https:\/\/autor.se\/#website\"},\"primaryImageOfPage\":{\"@id\":\"https:\/\/autor.se\/index.php\/jag-vill-vara-allt-vitt-staffan-soderblom\/#primaryimage\"},\"image\":{\"@id\":\"https:\/\/autor.se\/index.php\/jag-vill-vara-allt-vitt-staffan-soderblom\/#primaryimage\"},\"thumbnailUrl\":\"https:\/\/autor.se\/wp-content\/uploads\/2024\/11\/jagvillvara_allt_vitt.jpg\",\"datePublished\":\"2020-08-30T18:07:32+00:00\",\"dateModified\":\"2025-02-01T09:33:14+00:00\",\"breadcrumb\":{\"@id\":\"https:\/\/autor.se\/index.php\/jag-vill-vara-allt-vitt-staffan-soderblom\/#breadcrumb\"},\"inLanguage\":\"sv-SE\",\"potentialAction\":[{\"@type\":\"ReadAction\",\"target\":[\"https:\/\/autor.se\/index.php\/jag-vill-vara-allt-vitt-staffan-soderblom\/\"]}]},{\"@type\":\"ImageObject\",\"inLanguage\":\"sv-SE\",\"@id\":\"https:\/\/autor.se\/index.php\/jag-vill-vara-allt-vitt-staffan-soderblom\/#primaryimage\",\"url\":\"https:\/\/autor.se\/wp-content\/uploads\/2024\/11\/jagvillvara_allt_vitt.jpg\",\"contentUrl\":\"https:\/\/autor.se\/wp-content\/uploads\/2024\/11\/jagvillvara_allt_vitt.jpg\",\"width\":1880,\"height\":1880},{\"@type\":\"BreadcrumbList\",\"@id\":\"https:\/\/autor.se\/index.php\/jag-vill-vara-allt-vitt-staffan-soderblom\/#breadcrumb\",\"itemListElement\":[{\"@type\":\"ListItem\",\"position\":1,\"name\":\"Hem\",\"item\":\"https:\/\/autor.se\/\"},{\"@type\":\"ListItem\",\"position\":2,\"name\":\"Jag vill vara allt vitt | Staffan S\u00f6derblom\"}]},{\"@type\":\"WebSite\",\"@id\":\"https:\/\/autor.se\/#website\",\"url\":\"https:\/\/autor.se\/\",\"name\":\"\",\"description\":\"\",\"publisher\":{\"@id\":\"https:\/\/autor.se\/#organization\"},\"potentialAction\":[{\"@type\":\"SearchAction\",\"target\":{\"@type\":\"EntryPoint\",\"urlTemplate\":\"https:\/\/autor.se\/?s={search_term_string}\"},\"query-input\":{\"@type\":\"PropertyValueSpecification\",\"valueRequired\":true,\"valueName\":\"search_term_string\"}}],\"inLanguage\":\"sv-SE\"},{\"@type\":\"Organization\",\"@id\":\"https:\/\/autor.se\/#organization\",\"name\":\"Autor F\u00f6rlag\",\"url\":\"https:\/\/autor.se\/\",\"logo\":{\"@type\":\"ImageObject\",\"inLanguage\":\"sv-SE\",\"@id\":\"https:\/\/autor.se\/#\/schema\/logo\/image\/\",\"url\":\"https:\/\/autor.se\/wp-content\/uploads\/2020\/08\/autorstor.jpg\",\"contentUrl\":\"https:\/\/autor.se\/wp-content\/uploads\/2020\/08\/autorstor.jpg\",\"width\":314,\"height\":292,\"caption\":\"Autor F\u00f6rlag\"},\"image\":{\"@id\":\"https:\/\/autor.se\/#\/schema\/logo\/image\/\"},\"sameAs\":[\"https:\/\/www.instagram.com\/autoribilder\"]}]}<\/script>\n<!-- \/ Yoast SEO plugin. -->","yoast_head_json":{"title":"Jag vill vara allt vitt | Staffan S\u00f6derblom -","robots":{"index":"index","follow":"follow","max-snippet":"max-snippet:-1","max-image-preview":"max-image-preview:large","max-video-preview":"max-video-preview:-1"},"canonical":"https:\/\/autor.se\/index.php\/jag-vill-vara-allt-vitt-staffan-soderblom\/","og_locale":"sv_SE","og_type":"article","og_title":"Jag vill vara allt vitt | Staffan S\u00f6derblom -","og_description":"Jag vill vara allt vitt | Staffan S\u00f6derblom Jag vill vara allt vitt \u00e4r en ess\u00e4 om linjer och st\u00e4mningsl\u00e4gen i Bengt Bergs lyriska f\u00f6rfattarskap \u2013 ironi, leda, humor och en djup reservation mot sj\u00e4lva dikten. Volymen \u00e4r den f\u00f6rsta av tre \u201dl\u00e4sningar av det ambivalenta\u201d som Staffan S\u00f6derblom syssels\u00e4tter sig med.","og_url":"https:\/\/autor.se\/index.php\/jag-vill-vara-allt-vitt-staffan-soderblom\/","article_modified_time":"2025-02-01T09:33:14+00:00","og_image":[{"url":"https:\/\/autor.se\/wp-content\/uploads\/2024\/11\/jagvillvara_allt_vitt.jpg"}],"twitter_card":"summary_large_image","twitter_misc":{"Ber\u00e4knad l\u00e4stid":"1 minut"},"schema":{"@context":"https:\/\/schema.org","@graph":[{"@type":"WebPage","@id":"https:\/\/autor.se\/index.php\/jag-vill-vara-allt-vitt-staffan-soderblom\/","url":"https:\/\/autor.se\/index.php\/jag-vill-vara-allt-vitt-staffan-soderblom\/","name":"Jag vill vara allt vitt | Staffan S\u00f6derblom -","isPartOf":{"@id":"https:\/\/autor.se\/#website"},"primaryImageOfPage":{"@id":"https:\/\/autor.se\/index.php\/jag-vill-vara-allt-vitt-staffan-soderblom\/#primaryimage"},"image":{"@id":"https:\/\/autor.se\/index.php\/jag-vill-vara-allt-vitt-staffan-soderblom\/#primaryimage"},"thumbnailUrl":"https:\/\/autor.se\/wp-content\/uploads\/2024\/11\/jagvillvara_allt_vitt.jpg","datePublished":"2020-08-30T18:07:32+00:00","dateModified":"2025-02-01T09:33:14+00:00","breadcrumb":{"@id":"https:\/\/autor.se\/index.php\/jag-vill-vara-allt-vitt-staffan-soderblom\/#breadcrumb"},"inLanguage":"sv-SE","potentialAction":[{"@type":"ReadAction","target":["https:\/\/autor.se\/index.php\/jag-vill-vara-allt-vitt-staffan-soderblom\/"]}]},{"@type":"ImageObject","inLanguage":"sv-SE","@id":"https:\/\/autor.se\/index.php\/jag-vill-vara-allt-vitt-staffan-soderblom\/#primaryimage","url":"https:\/\/autor.se\/wp-content\/uploads\/2024\/11\/jagvillvara_allt_vitt.jpg","contentUrl":"https:\/\/autor.se\/wp-content\/uploads\/2024\/11\/jagvillvara_allt_vitt.jpg","width":1880,"height":1880},{"@type":"BreadcrumbList","@id":"https:\/\/autor.se\/index.php\/jag-vill-vara-allt-vitt-staffan-soderblom\/#breadcrumb","itemListElement":[{"@type":"ListItem","position":1,"name":"Hem","item":"https:\/\/autor.se\/"},{"@type":"ListItem","position":2,"name":"Jag vill vara allt vitt | Staffan S\u00f6derblom"}]},{"@type":"WebSite","@id":"https:\/\/autor.se\/#website","url":"https:\/\/autor.se\/","name":"","description":"","publisher":{"@id":"https:\/\/autor.se\/#organization"},"potentialAction":[{"@type":"SearchAction","target":{"@type":"EntryPoint","urlTemplate":"https:\/\/autor.se\/?s={search_term_string}"},"query-input":{"@type":"PropertyValueSpecification","valueRequired":true,"valueName":"search_term_string"}}],"inLanguage":"sv-SE"},{"@type":"Organization","@id":"https:\/\/autor.se\/#organization","name":"Autor F\u00f6rlag","url":"https:\/\/autor.se\/","logo":{"@type":"ImageObject","inLanguage":"sv-SE","@id":"https:\/\/autor.se\/#\/schema\/logo\/image\/","url":"https:\/\/autor.se\/wp-content\/uploads\/2020\/08\/autorstor.jpg","contentUrl":"https:\/\/autor.se\/wp-content\/uploads\/2020\/08\/autorstor.jpg","width":314,"height":292,"caption":"Autor F\u00f6rlag"},"image":{"@id":"https:\/\/autor.se\/#\/schema\/logo\/image\/"},"sameAs":["https:\/\/www.instagram.com\/autoribilder"]}]}},"_links":{"self":[{"href":"https:\/\/autor.se\/index.php\/wp-json\/wp\/v2\/pages\/313"}],"collection":[{"href":"https:\/\/autor.se\/index.php\/wp-json\/wp\/v2\/pages"}],"about":[{"href":"https:\/\/autor.se\/index.php\/wp-json\/wp\/v2\/types\/page"}],"author":[{"embeddable":true,"href":"https:\/\/autor.se\/index.php\/wp-json\/wp\/v2\/users\/1"}],"replies":[{"embeddable":true,"href":"https:\/\/autor.se\/index.php\/wp-json\/wp\/v2\/comments?post=313"}],"version-history":[{"count":11,"href":"https:\/\/autor.se\/index.php\/wp-json\/wp\/v2\/pages\/313\/revisions"}],"predecessor-version":[{"id":1158,"href":"https:\/\/autor.se\/index.php\/wp-json\/wp\/v2\/pages\/313\/revisions\/1158"}],"wp:attachment":[{"href":"https:\/\/autor.se\/index.php\/wp-json\/wp\/v2\/media?parent=313"}],"curies":[{"name":"wp","href":"https:\/\/api.w.org\/{rel}","templated":true}]}}